{"id":1242,"date":"2020-12-09T15:39:00","date_gmt":"2020-12-09T14:39:00","guid":{"rendered":"https:\/\/www.fego.ch\/?page_id=1242"},"modified":"2021-11-17T09:59:13","modified_gmt":"2021-11-17T08:59:13","slug":"fotogeschenke","status":"publish","type":"page","link":"https:\/\/www.fego.ch\/?page_id=1242","title":{"rendered":"Fototassen + Geschenke"},"content":{"rendered":"\n<p class=\"has-text-align-left has-black-color has-text-color has-medium-font-size\"><br><strong>Wir fertigen f\u00fcr Sie auch ganz pers\u00f6nliche Sch\u00e4tze<\/strong><br><\/p>\n\n\n\n<p class=\"has-text-align-center\"><br><br>Fototassen Individuel f\u00fcr Sie bedruckt.<\/p>\n\n\n\n<p><\/p>\n\n\n\n<div class=\"wp-block-image\"><figure class=\"aligncenter size-large\"><img loading=\"lazy\" decoding=\"async\" width=\"1024\" height=\"531\" src=\"https:\/\/www.fego.ch\/wp-content\/uploads\/2020\/12\/0001-1024x531.jpg\" alt=\"\" class=\"wp-image-1254\" srcset=\"https:\/\/www.fego.ch\/wp-content\/uploads\/2020\/12\/0001-1024x531.jpg 1024w, https:\/\/www.fego.ch\/wp-content\/uploads\/2020\/12\/0001-300x156.jpg 300w, https:\/\/www.fego.ch\/wp-content\/uploads\/2020\/12\/0001-768x399.jpg 768w, https:\/\/www.fego.ch\/wp-content\/uploads\/2020\/12\/0001-1536x797.jpg 1536w, https:\/\/www.fego.ch\/wp-content\/uploads\/2020\/12\/0001-2048x1063.jpg 2048w\" sizes=\"auto, (max-width: 1024px) 100vw, 1024px\" \/><\/figure><\/div>\n\n\n\n<p>Sie ben\u00f6tigen nur eine Einzelne Tasse?. Kein Problem.  Auch<br>das anfertigen von Einzelst\u00fccken ist bei uns m\u00f6glich und dies schon<br>f\u00fcr Fr. 25.- bereits ab zwei St\u00fcck erhalten Sie bei uns die erste<br>Verg\u00fcnstigung egal ob es zwei mal das selbe Design ist, oder ein komplett anderes. <br><br><\/p>\n\n\n\n<div class=\"wp-block-image\"><figure class=\"aligncenter size-large is-resized\"><img loading=\"lazy\" decoding=\"async\" src=\"https:\/\/www.fego.ch\/wp-content\/uploads\/2020\/12\/0001_18-1024x388.jpg\" alt=\"\" class=\"wp-image-1263\" width=\"546\" height=\"207\" srcset=\"https:\/\/www.fego.ch\/wp-content\/uploads\/2020\/12\/0001_18-1024x388.jpg 1024w, https:\/\/www.fego.ch\/wp-content\/uploads\/2020\/12\/0001_18-300x114.jpg 300w, https:\/\/www.fego.ch\/wp-content\/uploads\/2020\/12\/0001_18-768x291.jpg 768w, https:\/\/www.fego.ch\/wp-content\/uploads\/2020\/12\/0001_18-1536x581.jpg 1536w, https:\/\/www.fego.ch\/wp-content\/uploads\/2020\/12\/0001_18-2048x775.jpg 2048w\" sizes=\"auto, (max-width: 546px) 100vw, 546px\" \/><\/figure><\/div>\n\n\n\n<p>W\u00e4hlen Sie aus mehreren  Rohlingen Ihre Tasse aus. Ihr fertiges<br>Produkt kann nach wenigen Tage bei uns abgeholt werden. So<br>entstehenIhnen keine Portokosten. Unser Sortiment wird laufend f\u00fcr Sie angepasst. <br><br><br><\/p>\n\n\n\n<p class=\"has-black-color has-text-color has-medium-font-size\"><strong>Magische Tassen:<\/strong><\/p>\n\n\n\n<p>Die Magische Tasse erhalten Sie bei uns mit Ihrem Wunschbild<br> bereits f\u00fcr Fr. 25.- <br><br><\/p>\n\n\n\n<p><\/p>\n\n\n<p><iframe loading=\"lazy\" src=\"https:\/\/www.youtube.com\/embed\/kzmVRHdtC04\" title=\"YouTube video player\" allow=\"accelerometer; autoplay; clipboard-write; encrypted-media; gyroscope; picture-in-picture\" allowfullscreen=\"\" width=\"1173\" height=\"660\" frameborder=\"0\"><\/iframe><\/p>\n\n\n\n<p class=\"has-text-align-center\"><br><br><br><strong>Ketten und Anh\u00e4nger (Handgefertigte Einzelst\u00fccke)<\/strong><\/p>\n\n\n\n<div class=\"wp-block-image\"><figure class=\"aligncenter size-large is-resized\"><img loading=\"lazy\" decoding=\"async\" src=\"https:\/\/www.fego.ch\/wp-content\/uploads\/2020\/12\/kette-u-anhaenger-1024x683.jpg\" alt=\"\" class=\"wp-image-1272\" width=\"551\" height=\"368\" srcset=\"https:\/\/www.fego.ch\/wp-content\/uploads\/2020\/12\/kette-u-anhaenger-1024x683.jpg 1024w, https:\/\/www.fego.ch\/wp-content\/uploads\/2020\/12\/kette-u-anhaenger-300x200.jpg 300w, https:\/\/www.fego.ch\/wp-content\/uploads\/2020\/12\/kette-u-anhaenger-768x512.jpg 768w, https:\/\/www.fego.ch\/wp-content\/uploads\/2020\/12\/kette-u-anhaenger-1536x1024.jpg 1536w, https:\/\/www.fego.ch\/wp-content\/uploads\/2020\/12\/kette-u-anhaenger-2048x1365.jpg 2048w\" sizes=\"auto, (max-width: 551px) 100vw, 551px\" \/><\/figure><\/div>\n\n\n\n<p>Wir f\u00fchren f\u00fcr Sie diversen  Modeschmuck Ketten Anh\u00e4nger<br>und Ringe bereits ab Fr. 10.-<br><br>Unser Lagersortiment \u00e4ndert sich regelm\u00e4ssig. Schauen<br>Sie am besten immer mal wieder in unserem Gesch\u00e4ft vorbei. <\/p>\n","protected":false},"excerpt":{"rendered":"<p>Wir fertigen f\u00fcr Sie auch ganz pers\u00f6nliche Sch\u00e4tze Fototassen Individuel f\u00fcr Sie bedruckt. Sie ben\u00f6tigen nur eine Einzelne Tasse?. Kein Problem. Auchdas anfertigen von Einzelst\u00fccken ist bei uns m\u00f6glich und dies schonf\u00fcr Fr. 25.- bereits ab zwei St\u00fcck erhalten Sie bei uns die ersteVerg\u00fcnstigung egal ob es zwei mal das selbe Design ist, oder ein &hellip; <a href=\"https:\/\/www.fego.ch\/?page_id=1242\" class=\"more-link\"><span class=\"screen-reader-text\">Fototassen + Geschenke<\/span> weiterlesen <span class=\"meta-nav\">&rarr;<\/span><\/a><\/p>\n","protected":false},"author":1,"featured_media":0,"parent":0,"menu_order":0,"comment_status":"closed","ping_status":"closed","template":"","meta":{"footnotes":"","_links_to":"","_links_to_target":""},"class_list":["post-1242","page","type-page","status-publish","hentry"],"_links":{"self":[{"href":"https:\/\/www.fego.ch\/index.php?rest_route=\/wp\/v2\/pages\/1242","targetHints":{"allow":["GET"]}}],"collection":[{"href":"https:\/\/www.fego.ch\/index.php?rest_route=\/wp\/v2\/pages"}],"about":[{"href":"https:\/\/www.fego.ch\/index.php?rest_route=\/wp\/v2\/types\/page"}],"author":[{"embeddable":true,"href":"https:\/\/www.fego.ch\/index.php?rest_route=\/wp\/v2\/users\/1"}],"replies":[{"embeddable":true,"href":"https:\/\/www.fego.ch\/index.php?rest_route=%2Fwp%2Fv2%2Fcomments&post=1242"}],"version-history":[{"count":51,"href":"https:\/\/www.fego.ch\/index.php?rest_route=\/wp\/v2\/pages\/1242\/revisions"}],"predecessor-version":[{"id":1500,"href":"https:\/\/www.fego.ch\/index.php?rest_route=\/wp\/v2\/pages\/1242\/revisions\/1500"}],"wp:attachment":[{"href":"https:\/\/www.fego.ch\/index.php?rest_route=%2Fwp%2Fv2%2Fmedia&parent=1242"}],"curies":[{"name":"wp","href":"https:\/\/api.w.org\/{rel}","templated":true}]}}