{"id":2,"date":"2019-05-19T18:53:46","date_gmt":"2019-05-19T16:53:46","guid":{"rendered":"http:\/\/web.fego.jsa.ch\/?page_id=2"},"modified":"2026-05-01T10:05:30","modified_gmt":"2026-05-01T08:05:30","slug":"beispiel-seite","status":"publish","type":"page","link":"https:\/\/www.fego.ch\/","title":{"rendered":""},"content":{"rendered":"\n<h2 class=\"wp-block-heading has-text-align-center\"> <br>Willkommen bei Fego Photo-Profi<br>Ihr Spezialist rund um die<br>digitale Fotografie. <br><br><\/h2>\n\n\n\n<p> <br><strong>Unsere \u00d6ffnungszeiten:<\/strong>  <\/p>\n\n\n\n<figure class=\"wp-block-table is-style-stripes\"><table class=\"has-background\" style=\"background-color:#c5c2c2\"><tbody><tr><td>Wochentag<\/td><td>Vormittag<\/td><td>Nachmittag<\/td><\/tr><tr><td>Montag<\/td><td> geschlossen <\/td><td> geschlossen <\/td><\/tr><tr><td>Dienstag<\/td><td>9:00 bis 12:00<\/td><td>13:30 bis 18:30<\/td><\/tr><tr><td>Mittwoch<\/td><td> 9:00 bis 12:00 <\/td><td> 13:30 bis 18:30 <\/td><\/tr><tr><td>Donnerstag<\/td><td> 9:00 bis 12:00 <\/td><td> 13:30 bis 18:30 <\/td><\/tr><tr><td>Freitag<\/td><td> 9:00 bis 12:00 <\/td><td> 13:30 bis 18:30 <\/td><\/tr><tr><td>Samstag<\/td><td> 9:00 bis 12:00 <\/td><td> 13:30 bis 16:00<\/td><\/tr><\/tbody><\/table><\/figure>\n\n\n\n<p><\/p>\n\n\n\n<p><\/p>\n\n\n<div class=\"wp-block-image is-resized is-style-default\">\n<figure class=\"aligncenter\"><img loading=\"lazy\" decoding=\"async\" width=\"550\" height=\"165\" src=\"https:\/\/www.fego.ch\/wp-content\/uploads\/2019\/05\/kurse.jpg\" alt=\"\" class=\"wp-image-11\" srcset=\"https:\/\/www.fego.ch\/wp-content\/uploads\/2019\/05\/kurse.jpg 550w, https:\/\/www.fego.ch\/wp-content\/uploads\/2019\/05\/kurse-300x90.jpg 300w\" sizes=\"auto, (max-width: 550px) 100vw, 550px\" \/><\/figure>\n<\/div>\n\n\n<div class=\"wp-block-columns is-layout-flex wp-container-core-columns-is-layout-9d6595d7 wp-block-columns-is-layout-flex\">\n<div class=\"wp-block-column is-layout-flow wp-block-column-is-layout-flow\">\n<div class=\"wp-block-buttons is-layout-flex wp-block-buttons-is-layout-flex\">\n<div class=\"wp-block-button has-custom-width wp-block-button__width-75 is-style-outline is-style-outline--1\"><a class=\"wp-block-button__link wp-element-button\" href=\"https:\/\/www.fego.ch\/?page_id=116\">kurse mit Bon<\/a><\/div>\n<\/div>\n<\/div>\n\n\n\n<div class=\"wp-block-column is-layout-flow wp-block-column-is-layout-flow\">\n<div class=\"wp-block-buttons is-content-justification-right is-layout-flex wp-container-core-buttons-is-layout-765c4724 wp-block-buttons-is-layout-flex\">\n<div class=\"wp-block-button has-custom-width wp-block-button__width-75 is-style-outline is-style-outline--2\"><a class=\"wp-block-button__link wp-element-button\" href=\"https:\/\/shop.fego.ch\/\">zum fego shop<\/a><\/div>\n<\/div>\n<\/div>\n<\/div>\n\n\n\n<p>Fotokurse sind unsere Spezialit\u00e4t. Wir haben&nbsp;daf\u00fcr sogar eine eigene Firma gegr\u00fcndet. Die Digimaster GmbH befindet sich im selben<br>Geb\u00e4ude wie die Fego AG. <strong>Klicken sie auf die Kamera<\/strong> um mehr \u00fcber unsere Kurse zu erfahren. Nebst Kursen bieten wir noch diverse <br>andere Dienstleistungen rund um die Fotografie an.&nbsp; <\/p>\n\n\n<div class=\"wp-block-image\">\n<figure class=\"aligncenter\"><a href=\"https:\/\/www.fego.ch\/?page_id=315\"><img loading=\"lazy\" decoding=\"async\" width=\"283\" height=\"232\" src=\"https:\/\/www.fego.ch\/wp-content\/uploads\/2019\/05\/Fuji_X-T3_18-55_silber-II.png\" alt=\"Fotokurse\" class=\"wp-image-12\"\/><\/a><\/figure>\n<\/div>\n\n\n<p><br><br><\/p>\n\n\n\n<div class=\"wp-block-cover alignfull\" style=\"margin-top:0;padding-top:4vw;padding-right:4vw;padding-bottom:4vw;padding-left:4vw\"><span aria-hidden=\"true\" class=\"wp-block-cover__background has-background-dim-100 has-background-dim\" style=\"background-color:#0600ff\"><\/span><div class=\"wp-block-cover__inner-container is-layout-flow wp-block-cover-is-layout-flow\">\n<div class=\"wp-block-group is-content-justification-left is-layout-flex wp-container-core-group-is-layout-54845df3 wp-block-group-is-layout-flex\">\n<figure class=\"wp-block-image size-full is-resized wp-container-content-0733e5d0\"><img loading=\"lazy\" decoding=\"async\" width=\"591\" height=\"391\" src=\"https:\/\/www.fego.ch\/wp-content\/uploads\/2019\/05\/IMG_0195.jpg\" alt=\"\" class=\"wp-image-630\" style=\"width:379px;height:auto\" srcset=\"https:\/\/www.fego.ch\/wp-content\/uploads\/2019\/05\/IMG_0195.jpg 591w, https:\/\/www.fego.ch\/wp-content\/uploads\/2019\/05\/IMG_0195-300x198.jpg 300w\" sizes=\"auto, (max-width: 591px) 100vw, 591px\" \/><\/figure>\n\n\n\n<div class=\"wp-block-group alignwide wp-container-content-9cfa9a5a is-content-justification-left\"><div class=\"wp-block-group__inner-container is-layout-constrained wp-container-core-group-is-layout-9aeb1ad9 wp-block-group-is-layout-constrained\">\n<h2 class=\"wp-block-heading alignwide has-text-align-center has-text-color\" style=\"color:#f40f0f;font-size:57px;font-style:italic;font-weight:700;line-height:1.0;text-transform:uppercase\"><a href=\"https:\/\/shop.fego.ch\/\">Ferngl\u00e4ser<\/a><\/h2>\n\n\n\n<div style=\"height:24px\" aria-hidden=\"true\" class=\"wp-block-spacer\"><\/div>\n\n\n\n<p class=\"has-text-align-left has-black-color has-text-color\" style=\"font-size:28px;font-style:normal;font-weight:800\"><a href=\"https:\/\/shop.fego.ch\/\"><strong>Suchen Sie was einfaches g\u00fcnstiges oder ein Top <\/strong><\/a><br><a href=\"https:\/\/shop.fego.ch\/\"><strong>Ger\u00e4t?. Kommen sie bei uns vorbei und schauen sie sich unsere Auswahl an. Ferngl\u00e4ser d\u00fcrfen vor Ort ausprobiert<\/strong><\/a><br><a href=\"https:\/\/shop.fego.ch\/\"><strong> werden,<\/strong><\/a> <a href=\"https:\/\/shop.fego.ch\/\"><strong>  oder st\u00f6bern sie in unserem Shop<\/strong><\/a><\/p>\n<\/div><\/div>\n<\/div>\n<\/div><\/div>\n\n\n\n<figure class=\"wp-block-gallery has-nested-images columns-default is-cropped wp-block-gallery-3 is-layout-flex wp-block-gallery-is-layout-flex\">\n<figure class=\"wp-block-image size-large\"><a href=\"https:\/\/shop.fego.ch\/index.php?option=com_virtuemart&amp;view=category&amp;virtuemart_category_id=810\"><img loading=\"lazy\" decoding=\"async\" width=\"1024\" height=\"1024\" data-id=\"2106\" src=\"https:\/\/www.fego.ch\/wp-content\/uploads\/2025\/01\/admiral_milan_10x42_edii-1024x1024.jpg\" alt=\"\" class=\"wp-image-2106\" srcset=\"https:\/\/www.fego.ch\/wp-content\/uploads\/2025\/01\/admiral_milan_10x42_edii-1024x1024.jpg 1024w, https:\/\/www.fego.ch\/wp-content\/uploads\/2025\/01\/admiral_milan_10x42_edii-300x300.jpg 300w, https:\/\/www.fego.ch\/wp-content\/uploads\/2025\/01\/admiral_milan_10x42_edii-150x150.jpg 150w, https:\/\/www.fego.ch\/wp-content\/uploads\/2025\/01\/admiral_milan_10x42_edii-768x768.jpg 768w, https:\/\/www.fego.ch\/wp-content\/uploads\/2025\/01\/admiral_milan_10x42_edii.jpg 1200w\" sizes=\"auto, (max-width: 1024px) 100vw, 1024px\" \/><\/a><figcaption class=\"wp-element-caption\"><strong>Admoral 10&#215;42<\/strong><\/figcaption><\/figure>\n\n\n\n<figure class=\"wp-block-image size-large\"><a href=\"https:\/\/shop.fego.ch\/index.php?option=com_virtuemart&amp;view=category&amp;virtuemart_category_id=808\"><img loading=\"lazy\" decoding=\"async\" width=\"500\" height=\"474\" data-id=\"2107\" src=\"https:\/\/www.fego.ch\/wp-content\/uploads\/2025\/01\/Swarovski_Habicht_7X42_GA.jpg\" alt=\"\" class=\"wp-image-2107\" srcset=\"https:\/\/www.fego.ch\/wp-content\/uploads\/2025\/01\/Swarovski_Habicht_7X42_GA.jpg 500w, https:\/\/www.fego.ch\/wp-content\/uploads\/2025\/01\/Swarovski_Habicht_7X42_GA-300x284.jpg 300w\" sizes=\"auto, (max-width: 500px) 100vw, 500px\" \/><\/a><figcaption class=\"wp-element-caption\"><strong>Swarovski 7&#215;42<\/strong><\/figcaption><\/figure>\n\n\n\n<figure class=\"wp-block-image size-large is-style-default\"><a href=\"https:\/\/shop.fego.ch\/index.php?option=com_virtuemart&amp;view=category&amp;virtuemart_category_id=803\"><img loading=\"lazy\" decoding=\"async\" width=\"670\" height=\"503\" data-id=\"1418\" src=\"https:\/\/www.fego.ch\/wp-content\/uploads\/2021\/08\/leica_10x25bl_ultravid_leder.jpg\" alt=\"\" class=\"wp-image-1418\" srcset=\"https:\/\/www.fego.ch\/wp-content\/uploads\/2021\/08\/leica_10x25bl_ultravid_leder.jpg 670w, https:\/\/www.fego.ch\/wp-content\/uploads\/2021\/08\/leica_10x25bl_ultravid_leder-300x225.jpg 300w\" sizes=\"auto, (max-width: 670px) 100vw, 670px\" \/><\/a><figcaption class=\"wp-element-caption\"><strong>Leica 10&#215;25<\/strong><\/figcaption><\/figure>\n<\/figure>\n\n\n\n<p class=\"has-text-align-center has-medium-font-size\"><br><br><br><a href=\"https:\/\/shop.fego.ch\/index.php?option=com_virtuemart&amp;view=category&amp;virtuemart_category_id=70207\"><strong>Sigma 10-20mm<\/strong><br> f\/4.0-5.6 Canon* EX DC HSM<\/a><br>Fr.- 350<\/p>\n\n\n<div class=\"wp-block-image\">\n<figure class=\"aligncenter size-full is-resized\"><a href=\"https:\/\/shop.fego.ch\/index.php?option=com_virtuemart&amp;view=category&amp;virtuemart_category_id=70207\"><img loading=\"lazy\" decoding=\"async\" width=\"424\" height=\"337\" src=\"https:\/\/www.fego.ch\/wp-content\/uploads\/2025\/01\/sigma_10-20_4.0_canon.jpg\" alt=\"\" class=\"wp-image-2087\" style=\"width:316px;height:auto\" srcset=\"https:\/\/www.fego.ch\/wp-content\/uploads\/2025\/01\/sigma_10-20_4.0_canon.jpg 424w, https:\/\/www.fego.ch\/wp-content\/uploads\/2025\/01\/sigma_10-20_4.0_canon-300x238.jpg 300w\" sizes=\"auto, (max-width: 424px) 100vw, 424px\" \/><\/a><\/figure>\n<\/div>\n\n\n<p><br><br><br><br><br><\/p>\n\n\n\n<div class=\"wp-block-columns is-layout-flex wp-container-core-columns-is-layout-9d6595d7 wp-block-columns-is-layout-flex\">\n<div class=\"wp-block-column is-layout-flow wp-block-column-is-layout-flow\"><div class=\"wp-block-image is-resized\">\n<figure class=\"aligncenter size-large\"><a href=\"https:\/\/www.fego.ch\/?page_id=257\"><img loading=\"lazy\" decoding=\"async\" width=\"29\" height=\"67\" src=\"https:\/\/www.fego.ch\/wp-content\/uploads\/2019\/12\/fl\u00e4mchen.gif\" alt=\"\" class=\"wp-image-948\"\/><\/a><\/figure>\n<\/div><\/div>\n\n\n\n<div class=\"wp-block-column is-layout-flow wp-block-column-is-layout-flow\">\n<div class=\"wp-block-group\"><div class=\"wp-block-group__inner-container is-layout-flow wp-block-group-is-layout-flow\">\n<p class=\"has-text-align-center\" style=\"font-size:17px\"><strong><a href=\"https:\/\/www.fego.ch\/?page_id=257\">Heisse Angebote klicken Sie hier<\/a><\/strong><\/p>\n<\/div><\/div>\n<\/div>\n\n\n\n<div class=\"wp-block-column is-layout-flow wp-block-column-is-layout-flow\"><div class=\"wp-block-image is-resized is-style-default\">\n<figure class=\"aligncenter size-large\"><a href=\"https:\/\/www.fego.ch\/?page_id=257\"><img loading=\"lazy\" decoding=\"async\" width=\"29\" height=\"67\" src=\"https:\/\/www.fego.ch\/wp-content\/uploads\/2019\/12\/fl\u00e4mchen.gif\" alt=\"\" class=\"wp-image-948\"\/><\/a><\/figure>\n<\/div><\/div>\n<\/div>\n\n\n\n<p><br><\/p>\n\n\n\n<p class=\"has-text-align-center has-medium-font-size\"><br><br> <br><br><strong>Unsere Adresse:<\/strong><br><br>Fego AG<br>Sternenweg 1<br>4702 Oensingen<br><br>Tel: 062 212 28 82<br>Email: <a href=\"mailto:m.oess@fego.ch\">m.oess@fego.ch<\/a><\/p>\n\n\n\n<p class=\"has-text-align-center\">Postcheck-Konto: 46-3211-8<br><br><\/p>\n\n\n\n<p><\/p>\n","protected":false},"excerpt":{"rendered":"<p>Willkommen bei Fego Photo-ProfiIhr Spezialist rund um diedigitale Fotografie. Unsere \u00d6ffnungszeiten: Wochentag Vormittag Nachmittag Montag geschlossen geschlossen Dienstag 9:00 bis 12:00 13:30 bis 18:30 Mittwoch 9:00 bis 12:00 13:30 bis 18:30 Donnerstag 9:00 bis 12:00 13:30 bis 18:30 Freitag 9:00 bis 12:00 13:30 bis 18:30 Samstag 9:00 bis 12:00 13:30 bis 16:00 Fotokurse sind unsere &hellip; <a href=\"https:\/\/www.fego.ch\/\" class=\"more-link\"><span class=\"screen-reader-text\"><\/span> weiterlesen <span class=\"meta-nav\">&rarr;<\/span><\/a><\/p>\n","protected":false},"author":1,"featured_media":0,"parent":0,"menu_order":0,"comment_status":"closed","ping_status":"open","template":"","meta":{"footnotes":"","_links_to":"","_links_to_target":""},"class_list":["post-2","page","type-page","status-publish","hentry"],"_links":{"self":[{"href":"https:\/\/www.fego.ch\/index.php?rest_route=\/wp\/v2\/pages\/2","targetHints":{"allow":["GET"]}}],"collection":[{"href":"https:\/\/www.fego.ch\/index.php?rest_route=\/wp\/v2\/pages"}],"about":[{"href":"https:\/\/www.fego.ch\/index.php?rest_route=\/wp\/v2\/types\/page"}],"author":[{"embeddable":true,"href":"https:\/\/www.fego.ch\/index.php?rest_route=\/wp\/v2\/users\/1"}],"replies":[{"embeddable":true,"href":"https:\/\/www.fego.ch\/index.php?rest_route=%2Fwp%2Fv2%2Fcomments&post=2"}],"version-history":[{"count":240,"href":"https:\/\/www.fego.ch\/index.php?rest_route=\/wp\/v2\/pages\/2\/revisions"}],"predecessor-version":[{"id":2285,"href":"https:\/\/www.fego.ch\/index.php?rest_route=\/wp\/v2\/pages\/2\/revisions\/2285"}],"wp:attachment":[{"href":"https:\/\/www.fego.ch\/index.php?rest_route=%2Fwp%2Fv2%2Fmedia&parent=2"}],"curies":[{"name":"wp","href":"https:\/\/api.w.org\/{rel}","templated":true}]}}